{"id":2508,"date":"2017-08-23T10:40:50","date_gmt":"2017-08-23T10:40:50","guid":{"rendered":"http:\/\/pravaliacusapunuri.ro\/?post_type=product&#038;p=2508"},"modified":"2023-11-28T20:35:14","modified_gmt":"2023-11-28T18:35:14","slug":"crema-pentru-ochi-si-fata-cu-avocado","status":"publish","type":"product","link":"https:\/\/pravaliacusapunuri.ro\/en\/produse\/fata\/crema-pentru-ochi-si-fata-cu-avocado\/","title":{"rendered":"Crem\u0103 pentru ochi \u0219i fa\u021b\u0103 cu Avocado"},"content":{"rendered":"<p>Hidrateaza intens, calmeaza inflamatiile, permite compensarea pierderilor de apa din ten, are calitati nutritive, cicatrizante, ajuta in repararea pielii, efect antirid.<\/p>\n<h2>Beneficii Crema pentru ochi si fata cu Avocado:<\/h2>\n<ul>\n<li>Uleiul de COCOS lasa pielea matasoasa, hranita si hidratata.<\/li>\n<li>Uleiul de AVOCADO, bogat in vitamine (in special vitamina E), magneziu, lecitina, acizi grasi esentiali, este recunoscut pentru proprietatile sale hidratante, antirid, elasticizante si lenitive. Este ideal pentru tenul matur, ridat, uscat, deshidratat, devitalizat, sensibil, pentru ingrijirea gatului si decolteului, pentru hidratarea zonei ochilor.<\/li>\n<li>Untul de SHEA bogat in acizi grasi are proprietati de stimulare a epitelizarii, hranire a tesutului cutanat, protectia pielii impotriva factorilor de mediu, reducerea iritatiilor.<\/li>\n<li>Uleiul de RICIN calmeaza iritatiile pielii.<br \/>\nGelul de ALOE VERA este un adevarat panaceu pentru piele, cunoscut pentru efectul calmant, reparator, cicatrizant si hidratant.<\/li>\n<li>CEARA DE ALBINE confera pielii suplete si catifelare, a fost apreciata din cele mai vechi timpuri pentru actiunea restructuranta si elasticizanta. Are efect calmant si ajuta pielea sa retina umezeala. Are rol de bariera de protectie formand un strat fin pe piele.<\/li>\n<li>Uleiul pur de LAVANDA este recunoscut prentru atenuarea problemelor cutanate si regenerarea pielii.<\/li>\n<li>VITAMINA E naturala este apreciata ca activ anti-aging si pentru ingrijirea pielii uscate, mature sau deteriorate.<\/li>\n<\/ul>\n<h3><strong>Ingrediente Crema pentru ochi si fata cu Avocado (INCI):<\/strong><\/h3>\n<p>Persea Gratissima Oil, Butyrospermum Parkii Butter, Aloe Barbadensis Leaf Extract, Cera Alba, Ricinus Communis Seed Oil, Cocos Nucifera Oil, Tocopheryl Acetate, Lavandula Angustifolia Oil, Linalool, Limonene<\/p>\n<p><strong>Cantitate:<\/strong> 50ml \u212e<\/p>\n<p>&nbsp;<\/p>\n<p><strong>Referinta CPNP : 2860743<\/strong><\/p>\n<p><strong>Testat si notificat in conformitate cu normele CEE<\/strong><\/p>\n<p><strong>Produs cu drag in Romania!<\/strong><\/p>\n<p>&nbsp;<\/p>\n<p>&nbsp;<\/p>\n<p>Pentru a vizualiza toate produsele din categoria Fata, apasa\u00a0<a href=\"https:\/\/pravaliacusapunuri.ro\/en\/product-category\/fata\/\"><strong>AICI!<\/strong><\/a><\/p>","protected":false},"excerpt":{"rendered":"<p><strong>Crem\u0103 pentru ochi \u0219i fa\u021b\u0103 cu Avocado<\/strong> hidrateaz\u0103 intens, calmeaz\u0103 inflama\u0163iile, permite compensarea pierderilor de ap\u0103 din ten, are calit\u0103\u021bi nutritive, cicatrizante, ajut\u0103 \u00een repararea pielii, efect antirid.<\/p>\n<p><strong>Cantitate:<\/strong>\u00a050ml \u212e<\/p>","protected":false},"featured_media":6826,"comment_status":"open","ping_status":"closed","template":"","meta":[],"product_brand":[],"product_cat":[57],"product_tag":[],"class_list":{"0":"post-2508","1":"product","2":"type-product","3":"status-publish","4":"has-post-thumbnail","6":"product_cat-fata","8":"first","9":"instock","10":"shipping-taxable","11":"purchasable","12":"product-type-simple"},"yoast_head":"<!-- This site is optimized with the Yoast SEO plugin v27.5 - https:\/\/yoast.com\/product\/yoast-seo-wordpress\/ -->\n<title>Crema pentru ochi si fata cu Avocado - Pravalia cu sapunuri<\/title>\n<meta name=\"description\" content=\"Crem\u0103 pentru ochi \u0219i fa\u021b\u0103 cu Avocado hidrateaz\u0103 intens, calmeaz\u0103 inflama\u0163iile, permite compensarea pierderilor de ap\u0103 din ten.\" \/>\n<meta name=\"robots\" content=\"index, follow, max-snippet:-1, max-image-preview:large, max-video-preview:-1\" \/>\n<link rel=\"canonical\" href=\"https:\/\/pravaliacusapunuri.ro\/en\/produse\/fata\/crema-pentru-ochi-si-fata-cu-avocado\/\" \/>\n<meta property=\"og:locale\" content=\"en_US\" \/>\n<meta property=\"og:type\" content=\"article\" \/>\n<meta property=\"og:title\" content=\"Crema pentru ochi si fata cu Avocado - Pravalia cu sapunuri\" \/>\n<meta property=\"og:description\" content=\"Crem\u0103 pentru ochi \u0219i fa\u021b\u0103 cu Avocado hidrateaz\u0103 intens, calmeaz\u0103 inflama\u0163iile, permite compensarea pierderilor de ap\u0103 din ten.\" \/>\n<meta property=\"og:url\" content=\"https:\/\/pravaliacusapunuri.ro\/en\/produse\/fata\/crema-pentru-ochi-si-fata-cu-avocado\/\" \/>\n<meta property=\"article:publisher\" content=\"https:\/\/www.facebook.com\/pravaliacusapunuri.ro\/\" \/>\n<meta property=\"article:modified_time\" content=\"2023-11-28T18:35:14+00:00\" \/>\n<meta property=\"og:image\" content=\"https:\/\/pravaliacusapunuri.ro\/wp-content\/uploads\/2017\/08\/crema-pentru-ochi-si-fata-cu-avocado-02.jpg\" \/>\n\t<meta property=\"og:image:width\" content=\"1000\" \/>\n\t<meta property=\"og:image:height\" content=\"1000\" \/>\n\t<meta property=\"og:image:type\" content=\"image\/jpeg\" \/>\n<meta name=\"twitter:card\" content=\"summary_large_image\" \/>\n<meta name=\"twitter:label1\" content=\"Est. reading time\" \/>\n\t<meta name=\"twitter:data1\" content=\"2 minutes\" \/>\n<script type=\"application\/ld+json\" class=\"yoast-schema-graph\">{\"@context\":\"https:\\\/\\\/schema.org\",\"@graph\":[{\"@type\":\"WebPage\",\"@id\":\"https:\\\/\\\/pravaliacusapunuri.ro\\\/produse\\\/fata\\\/crema-pentru-ochi-si-fata-cu-avocado\\\/\",\"url\":\"https:\\\/\\\/pravaliacusapunuri.ro\\\/produse\\\/fata\\\/crema-pentru-ochi-si-fata-cu-avocado\\\/\",\"name\":\"Crema pentru ochi si fata cu Avocado - Pravalia cu sapunuri\",\"isPartOf\":{\"@id\":\"https:\\\/\\\/pravaliacusapunuri.ro\\\/#website\"},\"primaryImageOfPage\":{\"@id\":\"https:\\\/\\\/pravaliacusapunuri.ro\\\/produse\\\/fata\\\/crema-pentru-ochi-si-fata-cu-avocado\\\/#primaryimage\"},\"image\":{\"@id\":\"https:\\\/\\\/pravaliacusapunuri.ro\\\/produse\\\/fata\\\/crema-pentru-ochi-si-fata-cu-avocado\\\/#primaryimage\"},\"thumbnailUrl\":\"https:\\\/\\\/pravaliacusapunuri.ro\\\/wp-content\\\/uploads\\\/2017\\\/08\\\/crema-pentru-ochi-si-fata-cu-avocado-02.jpg\",\"datePublished\":\"2017-08-23T10:40:50+00:00\",\"dateModified\":\"2023-11-28T18:35:14+00:00\",\"description\":\"Crem\u0103 pentru ochi \u0219i fa\u021b\u0103 cu Avocado hidrateaz\u0103 intens, calmeaz\u0103 inflama\u0163iile, permite compensarea pierderilor de ap\u0103 din ten.\",\"breadcrumb\":{\"@id\":\"https:\\\/\\\/pravaliacusapunuri.ro\\\/produse\\\/fata\\\/crema-pentru-ochi-si-fata-cu-avocado\\\/#breadcrumb\"},\"inLanguage\":\"en-US\",\"potentialAction\":[{\"@type\":\"ReadAction\",\"target\":[\"https:\\\/\\\/pravaliacusapunuri.ro\\\/produse\\\/fata\\\/crema-pentru-ochi-si-fata-cu-avocado\\\/\"]}]},{\"@type\":\"ImageObject\",\"inLanguage\":\"en-US\",\"@id\":\"https:\\\/\\\/pravaliacusapunuri.ro\\\/produse\\\/fata\\\/crema-pentru-ochi-si-fata-cu-avocado\\\/#primaryimage\",\"url\":\"https:\\\/\\\/pravaliacusapunuri.ro\\\/wp-content\\\/uploads\\\/2017\\\/08\\\/crema-pentru-ochi-si-fata-cu-avocado-02.jpg\",\"contentUrl\":\"https:\\\/\\\/pravaliacusapunuri.ro\\\/wp-content\\\/uploads\\\/2017\\\/08\\\/crema-pentru-ochi-si-fata-cu-avocado-02.jpg\",\"width\":1000,\"height\":1000,\"caption\":\"Crem\u0103 pentru ochi \u0219i fa\u021b\u0103 cu Avocado hidrateaz\u0103 intens, calmeaz\u0103 inflama\u0163iile, permite compensarea pierderilor de ap\u0103 din ten.\"},{\"@type\":\"BreadcrumbList\",\"@id\":\"https:\\\/\\\/pravaliacusapunuri.ro\\\/produse\\\/fata\\\/crema-pentru-ochi-si-fata-cu-avocado\\\/#breadcrumb\",\"itemListElement\":[{\"@type\":\"ListItem\",\"position\":1,\"name\":\"Prima pagin\u0103\",\"item\":\"https:\\\/\\\/pravaliacusapunuri.ro\\\/\"},{\"@type\":\"ListItem\",\"position\":2,\"name\":\"Produse\",\"item\":\"https:\\\/\\\/pravaliacusapunuri.ro\\\/produse\\\/\"},{\"@type\":\"ListItem\",\"position\":3,\"name\":\"Crem\u0103 pentru ochi \u0219i fa\u021b\u0103 cu Avocado\"}]},{\"@type\":\"WebSite\",\"@id\":\"https:\\\/\\\/pravaliacusapunuri.ro\\\/#website\",\"url\":\"https:\\\/\\\/pravaliacusapunuri.ro\\\/\",\"name\":\"Pr\u0103v\u0103lia cu S\u0103punuri\",\"description\":\"\",\"publisher\":{\"@id\":\"https:\\\/\\\/pravaliacusapunuri.ro\\\/#organization\"},\"potentialAction\":[{\"@type\":\"SearchAction\",\"target\":{\"@type\":\"EntryPoint\",\"urlTemplate\":\"https:\\\/\\\/pravaliacusapunuri.ro\\\/?s={search_term_string}\"},\"query-input\":{\"@type\":\"PropertyValueSpecification\",\"valueRequired\":true,\"valueName\":\"search_term_string\"}}],\"inLanguage\":\"en-US\"},{\"@type\":\"Organization\",\"@id\":\"https:\\\/\\\/pravaliacusapunuri.ro\\\/#organization\",\"name\":\"Pr\u0103v\u0103lia cu S\u0103punuri SRL\",\"url\":\"https:\\\/\\\/pravaliacusapunuri.ro\\\/\",\"logo\":{\"@type\":\"ImageObject\",\"inLanguage\":\"en-US\",\"@id\":\"https:\\\/\\\/pravaliacusapunuri.ro\\\/#\\\/schema\\\/logo\\\/image\\\/\",\"url\":\"https:\\\/\\\/pravaliacusapunuri.ro\\\/wp-content\\\/uploads\\\/2023\\\/12\\\/cropped-stampila-2.png\",\"contentUrl\":\"https:\\\/\\\/pravaliacusapunuri.ro\\\/wp-content\\\/uploads\\\/2023\\\/12\\\/cropped-stampila-2.png\",\"width\":509,\"height\":448,\"caption\":\"Pr\u0103v\u0103lia cu S\u0103punuri SRL\"},\"image\":{\"@id\":\"https:\\\/\\\/pravaliacusapunuri.ro\\\/#\\\/schema\\\/logo\\\/image\\\/\"},\"sameAs\":[\"https:\\\/\\\/www.facebook.com\\\/pravaliacusapunuri.ro\\\/\",\"https:\\\/\\\/www.instagram.com\\\/pravalia_cu_sapunuri\\\/\"]}]}<\/script>\n<!-- \/ Yoast SEO plugin. -->","yoast_head_json":{"title":"Crema pentru ochi si fata cu Avocado - Pravalia cu sapunuri","description":"Crem\u0103 pentru ochi \u0219i fa\u021b\u0103 cu Avocado hidrateaz\u0103 intens, calmeaz\u0103 inflama\u0163iile, permite compensarea pierderilor de ap\u0103 din ten.","robots":{"index":"index","follow":"follow","max-snippet":"max-snippet:-1","max-image-preview":"max-image-preview:large","max-video-preview":"max-video-preview:-1"},"canonical":"https:\/\/pravaliacusapunuri.ro\/en\/produse\/fata\/crema-pentru-ochi-si-fata-cu-avocado\/","og_locale":"en_US","og_type":"article","og_title":"Crema pentru ochi si fata cu Avocado - Pravalia cu sapunuri","og_description":"Crem\u0103 pentru ochi \u0219i fa\u021b\u0103 cu Avocado hidrateaz\u0103 intens, calmeaz\u0103 inflama\u0163iile, permite compensarea pierderilor de ap\u0103 din ten.","og_url":"https:\/\/pravaliacusapunuri.ro\/en\/produse\/fata\/crema-pentru-ochi-si-fata-cu-avocado\/","article_publisher":"https:\/\/www.facebook.com\/pravaliacusapunuri.ro\/","article_modified_time":"2023-11-28T18:35:14+00:00","og_image":[{"width":1000,"height":1000,"url":"https:\/\/pravaliacusapunuri.ro\/wp-content\/uploads\/2017\/08\/crema-pentru-ochi-si-fata-cu-avocado-02.jpg","type":"image\/jpeg"}],"twitter_card":"summary_large_image","twitter_misc":{"Est. reading time":"2 minutes"},"schema":{"@context":"https:\/\/schema.org","@graph":[{"@type":"WebPage","@id":"https:\/\/pravaliacusapunuri.ro\/produse\/fata\/crema-pentru-ochi-si-fata-cu-avocado\/","url":"https:\/\/pravaliacusapunuri.ro\/produse\/fata\/crema-pentru-ochi-si-fata-cu-avocado\/","name":"Crema pentru ochi si fata cu Avocado - Pravalia cu sapunuri","isPartOf":{"@id":"https:\/\/pravaliacusapunuri.ro\/#website"},"primaryImageOfPage":{"@id":"https:\/\/pravaliacusapunuri.ro\/produse\/fata\/crema-pentru-ochi-si-fata-cu-avocado\/#primaryimage"},"image":{"@id":"https:\/\/pravaliacusapunuri.ro\/produse\/fata\/crema-pentru-ochi-si-fata-cu-avocado\/#primaryimage"},"thumbnailUrl":"https:\/\/pravaliacusapunuri.ro\/wp-content\/uploads\/2017\/08\/crema-pentru-ochi-si-fata-cu-avocado-02.jpg","datePublished":"2017-08-23T10:40:50+00:00","dateModified":"2023-11-28T18:35:14+00:00","description":"Crem\u0103 pentru ochi \u0219i fa\u021b\u0103 cu Avocado hidrateaz\u0103 intens, calmeaz\u0103 inflama\u0163iile, permite compensarea pierderilor de ap\u0103 din ten.","breadcrumb":{"@id":"https:\/\/pravaliacusapunuri.ro\/produse\/fata\/crema-pentru-ochi-si-fata-cu-avocado\/#breadcrumb"},"inLanguage":"en-US","potentialAction":[{"@type":"ReadAction","target":["https:\/\/pravaliacusapunuri.ro\/produse\/fata\/crema-pentru-ochi-si-fata-cu-avocado\/"]}]},{"@type":"ImageObject","inLanguage":"en-US","@id":"https:\/\/pravaliacusapunuri.ro\/produse\/fata\/crema-pentru-ochi-si-fata-cu-avocado\/#primaryimage","url":"https:\/\/pravaliacusapunuri.ro\/wp-content\/uploads\/2017\/08\/crema-pentru-ochi-si-fata-cu-avocado-02.jpg","contentUrl":"https:\/\/pravaliacusapunuri.ro\/wp-content\/uploads\/2017\/08\/crema-pentru-ochi-si-fata-cu-avocado-02.jpg","width":1000,"height":1000,"caption":"Crem\u0103 pentru ochi \u0219i fa\u021b\u0103 cu Avocado hidrateaz\u0103 intens, calmeaz\u0103 inflama\u0163iile, permite compensarea pierderilor de ap\u0103 din ten."},{"@type":"BreadcrumbList","@id":"https:\/\/pravaliacusapunuri.ro\/produse\/fata\/crema-pentru-ochi-si-fata-cu-avocado\/#breadcrumb","itemListElement":[{"@type":"ListItem","position":1,"name":"Prima pagin\u0103","item":"https:\/\/pravaliacusapunuri.ro\/"},{"@type":"ListItem","position":2,"name":"Produse","item":"https:\/\/pravaliacusapunuri.ro\/produse\/"},{"@type":"ListItem","position":3,"name":"Crem\u0103 pentru ochi \u0219i fa\u021b\u0103 cu Avocado"}]},{"@type":"WebSite","@id":"https:\/\/pravaliacusapunuri.ro\/#website","url":"https:\/\/pravaliacusapunuri.ro\/","name":"Pr\u0103v\u0103lia cu S\u0103punuri","description":"","publisher":{"@id":"https:\/\/pravaliacusapunuri.ro\/#organization"},"potentialAction":[{"@type":"SearchAction","target":{"@type":"EntryPoint","urlTemplate":"https:\/\/pravaliacusapunuri.ro\/?s={search_term_string}"},"query-input":{"@type":"PropertyValueSpecification","valueRequired":true,"valueName":"search_term_string"}}],"inLanguage":"en-US"},{"@type":"Organization","@id":"https:\/\/pravaliacusapunuri.ro\/#organization","name":"Pr\u0103v\u0103lia cu S\u0103punuri SRL","url":"https:\/\/pravaliacusapunuri.ro\/","logo":{"@type":"ImageObject","inLanguage":"en-US","@id":"https:\/\/pravaliacusapunuri.ro\/#\/schema\/logo\/image\/","url":"https:\/\/pravaliacusapunuri.ro\/wp-content\/uploads\/2023\/12\/cropped-stampila-2.png","contentUrl":"https:\/\/pravaliacusapunuri.ro\/wp-content\/uploads\/2023\/12\/cropped-stampila-2.png","width":509,"height":448,"caption":"Pr\u0103v\u0103lia cu S\u0103punuri SRL"},"image":{"@id":"https:\/\/pravaliacusapunuri.ro\/#\/schema\/logo\/image\/"},"sameAs":["https:\/\/www.facebook.com\/pravaliacusapunuri.ro\/","https:\/\/www.instagram.com\/pravalia_cu_sapunuri\/"]}]}},"_links":{"self":[{"href":"https:\/\/pravaliacusapunuri.ro\/en\/wp-json\/wp\/v2\/product\/2508","targetHints":{"allow":["GET"]}}],"collection":[{"href":"https:\/\/pravaliacusapunuri.ro\/en\/wp-json\/wp\/v2\/product"}],"about":[{"href":"https:\/\/pravaliacusapunuri.ro\/en\/wp-json\/wp\/v2\/types\/product"}],"replies":[{"embeddable":true,"href":"https:\/\/pravaliacusapunuri.ro\/en\/wp-json\/wp\/v2\/comments?post=2508"}],"version-history":[{"count":9,"href":"https:\/\/pravaliacusapunuri.ro\/en\/wp-json\/wp\/v2\/product\/2508\/revisions"}],"predecessor-version":[{"id":7297,"href":"https:\/\/pravaliacusapunuri.ro\/en\/wp-json\/wp\/v2\/product\/2508\/revisions\/7297"}],"wp:featuredmedia":[{"embeddable":true,"href":"https:\/\/pravaliacusapunuri.ro\/en\/wp-json\/wp\/v2\/media\/6826"}],"wp:attachment":[{"href":"https:\/\/pravaliacusapunuri.ro\/en\/wp-json\/wp\/v2\/media?parent=2508"}],"wp:term":[{"taxonomy":"product_brand","embeddable":true,"href":"https:\/\/pravaliacusapunuri.ro\/en\/wp-json\/wp\/v2\/product_brand?post=2508"},{"taxonomy":"product_cat","embeddable":true,"href":"https:\/\/pravaliacusapunuri.ro\/en\/wp-json\/wp\/v2\/product_cat?post=2508"},{"taxonomy":"product_tag","embeddable":true,"href":"https:\/\/pravaliacusapunuri.ro\/en\/wp-json\/wp\/v2\/product_tag?post=2508"}],"curies":[{"name":"wp","href":"https:\/\/api.w.org\/{rel}","templated":true}]}}